{"id":87,"date":"2021-02-10T15:03:34","date_gmt":"2021-02-10T15:03:34","guid":{"rendered":"http:\/\/parafiarososzyca.pl\/?page_id=87"},"modified":"2021-02-17T18:58:13","modified_gmt":"2021-02-17T18:58:13","slug":"malzenstwo","status":"publish","type":"page","link":"https:\/\/parafiarososzyca.pl\/index.php\/malzenstwo\/","title":{"rendered":"Ma\u0142\u017ce\u0144stwo"},"content":{"rendered":"<p style=\"text-align: justify;\"><strong>Co rozumiemy przez ma\u0142\u017ce\u0144stwo?<\/strong>&nbsp;<\/p>\n<p style=\"text-align: justify;\">Przez ma\u0142\u017ce\u0144stwo rozumiemy przymierze, przez kt\u00f3re m\u0119\u017cczyzna i kobieta tworz\u0105 ze sob\u0105 wsp\u00f3lnot\u0119 ca\u0142ego \u017cycia, skierowan\u0105 ze swej natury na dobro ma\u0142\u017conk\u00f3w oraz na rodzenie i wychowywanie potomstwa. Zawierane mi\u0119dzy ochrzczonymi zosta\u0142o podniesione przez Chrystusa Pana do godno\u015bci sakramentu.&nbsp;<\/p>\n<p style=\"text-align: justify;\"><strong>Jakimi s\u0142owami \u015bw. Pawe\u0142 podkre\u015bli\u0142 wielko\u015b\u0107 sakramentu ma\u0142\u017ce\u0144stwa?<\/strong><\/p>\n<p style=\"text-align: justify;\">\u015awi\u0119ty Pawe\u0142 Aposto\u0142 napisa\u0142: &#8222;M\u0119\u017cowie, mi\u0142ujcie \u017cony, bo i Chrystus umi\u0142owa\u0142 Ko\u015bci\u00f3\u0142&#8230; Tajemnica to wielka, a ja m\u00f3wi\u0119&#8221; w odniesieniu do Chrystusa o do Ko\u015bcio\u0142a&#8221; (Ef 5, 25.32).&nbsp;<\/p>\n<p style=\"text-align: justify;\"><strong>Jak\u0105 \u0142ask\u0119 daje sakrament ma\u0142\u017ce\u0144stwa?<\/strong>&nbsp;<\/p>\n<p style=\"text-align: justify;\">Sakrament ma\u0142\u017ce\u0144stwa udziela \u0142aski mi\u0142owania si\u0119 wzajemnie t\u0105 mi\u0142o\u015bci\u0105, jak\u0105 Chrystus umi\u0142owa\u0142 Ko\u015bci\u00f3\u0142. \u0141aska sakramentu udoskonala zatem ludzk\u0105 mi\u0142o\u015b\u0107 ma\u0142\u017conk\u00f3w, umacnia ich nierozerwaln\u0105 jedno\u015b\u0107 ich na drodze do \u017cycia wiecznego.&nbsp;<\/p>\n<p style=\"text-align: justify;\"><strong>Dlaczego zawieranie ma\u0142\u017ce\u0144stw jest aktem publicznym?<\/strong>&nbsp;<\/p>\n<p style=\"text-align: justify;\">Poniewa\u017c ma\u0142\u017ce\u0144stwo jest w Ko\u015bciele stanem publicznym, dlatego powinno by\u0107 zawierane publicznie w ramach celebracji liturgicznej i wobec zgromadzenia wiernych.&nbsp;<\/p>\n<p style=\"text-align: justify;\"><strong>Jakie cechy istotne posiada ma\u0142\u017ce\u0144stwo?<\/strong>&nbsp;<\/p>\n<p style=\"text-align: justify;\">Do cech istotnych ma\u0142\u017ce\u0144stwa nale\u017cy: jedno\u015b\u0107, nierozerwalno\u015b\u0107, otwarto\u015b\u0107 na przyj\u0119cie dzieci.&nbsp;<\/p>\n<p style=\"text-align: justify;\"><strong>Jaka jest sytuacja ma\u0142\u017conk\u00f3w rozwiedzionych?<\/strong>&nbsp;<\/p>\n<p style=\"text-align: justify;\">Osoby rozwiedzione zawieraj\u0105ce nowy zwi\u0105zek nie s\u0105 wy\u0142\u0105czone z Ko\u015bcio\u0142a, ale nie mog\u0105 przyst\u0119powa\u0107 do Komunii \u015bwi\u0119tej. Powinni prowadzi\u0107 \u017cycie chrze\u015bcija\u0144skie bez ponownego zwi\u0105zku i wychowywa\u0107 swoje dzieci w wierze.&nbsp;<\/p>\n<p style=\"text-align: justify;\"><strong>Dlaczego dom rodzinny nazywamy &#8222;Ko\u015bcio\u0142em&#8221;?<\/strong>&nbsp;<\/p>\n<p style=\"text-align: justify;\">Chrze\u015bcija\u0144ski dom rodzinny jest miejscem, gdzie dzieci otrzymuj\u0105 nauczanie wiary, i dlatego s\u0142usznie nazywa si\u0119 go &#8222;Ko\u015bcio\u0142em domowym&#8221;, wsp\u00f3lnot\u0105 \u0142aski i modlitwy, szko\u0142\u0105 cn\u00f3t ludzkich i mi\u0142o\u015bci chrze\u015bcija\u0144skiej.&nbsp;<\/p>\n<p style=\"text-align: justify;\">&lt;b&lt;sk\u0105d wywodzi=&#8221;&#8221; si\u0119=&#8221;&#8221; instytucja=&#8221;&#8221; ma\u0142\u017ce\u0144stwa=&#8221;&#8221; i=&#8221;&#8221; dlaczego=&#8221;&#8221; stosuje=&#8221;&#8221; podzia\u0142=&#8221;&#8221; na=&#8221;&#8221; ko\u015bcielne=&#8221;&#8221; cywilne?&lt;=&#8221;&#8221; b=&#8221;&#8221;&gt;Na Soborze Trydenckim w 1563 roku przyj\u0119to dekret, kt\u00f3ry zawiera\u0142 wym\u00f3g sformalizowanego aktu zawarcia ma\u0142\u017ce\u0144stwa dokonywanego przed osob\u0105 reprezentuj\u0105c\u0105 w\u0142a\u015bciw\u0105 w\u0142adz\u0119 i w obecno\u015bci \u015bwiadk\u00f3w. Od tego czasu na kontynencie europejskim wym\u00f3g ten jest powszechnie uwa\u017cany za nieod\u0142\u0105czny element prawa kanonicznego i \u015bwieckiego. Instytucjonalizacja ma\u0142\u017ce\u0144stwa, czyli aktu zawarcia i powsta\u0142ego w\u0119z\u0142a, powodowana jest donios\u0142o\u015bci\u0105 tego zwi\u0105zku dla ma\u0142\u017conk\u00f3w, ich wsp\u00f3lnych dzieci, a tak\u017ce spo\u0142ecze\u0144stwa, pa\u0144stwa i Ko\u015bcio\u0142a, je\u015bli nale\u017cy do niego przynajmniej jeden z ma\u0142\u017conk\u00f3w.&nbsp;<\/p>\n<p style=\"text-align: justify;\">Ma\u0142\u017ce\u0144stwo jest uznawane przez prawo za fundamentaln\u0105 podstaw\u0119 rodziny, kt\u00f3ra jest najmniejsz\u0105 jednostk\u0105 organizacyjn\u0105 spo\u0142ecze\u0144stwa. Wsp\u00f3\u0142czesne regulacje, zgodnie z kt\u00f3rymi zawarcie ma\u0142\u017ce\u0144stwa powinno by\u0107 zwi\u0105zane ze wsp\u00f3\u0142dzia\u0142aniem pa\u0144stwowego lub ko\u015bcielnego organu, opieraj\u0105 si\u0119 na za\u0142o\u017ceniu, \u017ce tylko w taki spos\u00f3b mog\u0105 by\u0107 osi\u0105gni\u0119te: uzewn\u0119trznienie powagi ma\u0142\u017ce\u0144stwa i jawno\u015b\u0107 wi\u0119zi osobistych w takim zakresie, w jakim maj\u0105 one istotne znaczenie spo\u0142eczne i prawne. Istnienie ma\u0142\u017ce\u0144stwa ma znaczenie zar\u00f3wno dla pa\u0144stwa, jak i Ko\u015bcio\u0142a, st\u0105d uregulowania prawne funkcjonuj\u0105 w obu tych spo\u0142eczno\u015bciach.&nbsp;<\/p>\n<p style=\"text-align: justify;\">Ko\u015bci\u00f3\u0142 katolicki z uwagi na sakramentalny charakter ma\u0142\u017ce\u0144stwa ochrzczonych, jego jedno\u015b\u0107 i nierozerwalno\u015b\u0107, nie mo\u017ce zrezygnowa\u0107 z w\u0142asnej jurysdykcji nad ma\u0142\u017ce\u0144stwem swoich wiernych, usankcjonowanej w prawie kanonicznym.&nbsp;<\/p>\n<p style=\"text-align: justify;\">Pa\u0144stwo natomiast, traktuj\u0105c ma\u0142\u017ce\u0144stwo jako umow\u0119 rozwi\u0105zywaln\u0105 i irrelewantn\u0105 sakramentalnie, nie chce ze wzgl\u0119d\u00f3w spo\u0142ecznych zrezygnowa\u0107 z instytucji rozwodu, uznanego we w\u0142asnym prawie rodzinnym, tak\u017ce w odniesieniu dla tych obywateli, kt\u00f3rzy nale\u017c\u0105 do Ko\u015bcio\u0142a katolickiego.&nbsp;<\/p>\n<p style=\"text-align: justify;\">W zwi\u0105zku z tym zasadniczo zwi\u0105zek ma\u0142\u017ce\u0144ski zawarty wobec prawa \u015bwieckiego nie jest zdarzeniem prawnym wobec prawa kanonicznego, jak r\u00f3wnie\u017c zwi\u0105zek kanoniczny nie stanowi takiego zdarzenia w obszarze prawa \u015bwieckiego. Niemniej jednak wsp\u00f3lne dla obu porz\u0105dk\u00f3w prawnych jest to, i\u017c zar\u00f3wno ma\u0142\u017ce\u0144stwo kanoniczne, jak i cywilne powstaje w wyniku z\u0142o\u017cenia przez nupturient\u00f3w stosownego o\u015bwiadczenia. W prawie kanonicznym zak\u0142ada si\u0119 istnienie tzw. zgody ma\u0142\u017ce\u0144skiej, czyli aktu woli, kt\u00f3ry zosta\u0142 uzewn\u0119trzniony tym o\u015bwiadczeniem.&nbsp;<\/p>\n<p style=\"text-align: justify;\">Te dwie przes\u0142anki, zwi\u0105zane z odmiennymi koncepcjami instytucji ma\u0142\u017ce\u0144stwa funkcjonuj\u0105cymi w prawie pa\u0144stwowym i ko\u015bcielnym, sta\u0142y si\u0119 punktem wyj\u015bcia uregulowa\u0144 konkordatowych w odniesieniu do ma\u0142\u017ce\u0144stwa.&nbsp;<\/p>\n<p style=\"text-align: justify;\">\u0179r\u00f3d\u0142o informacji: www.mikolaj-bydgoszcz.home.pl&nbsp;<\/p>\n<p style=\"text-align: justify;\"><strong>Potrzebne dokumenty:<\/strong>&nbsp;<\/p>\n<p style=\"text-align: justify;\">dokument USC (w 3 egz.) zezwalaj\u0105cy na zawarcie zwi\u0105zku&nbsp;<\/p>\n<p style=\"text-align: justify;\">\u015bwiadectwo chrztu i bierzmowania (wa\u017cne do 3 miesi\u0119cy)&nbsp;<\/p>\n<p style=\"text-align: justify;\">ostatnie \u015bwiadectwo nauki religii&nbsp;<\/p>\n<p style=\"text-align: justify;\">dow\u00f3d osobisty&nbsp;<\/p>\n<p style=\"text-align: justify;\"><strong>Narzeczeni winni odwiedzi\u0107:<\/strong>&nbsp;<\/p>\n<p style=\"text-align: justify;\">Poradni\u0119 \u017bycia Rodzinnego&nbsp;<\/p>\n<p style=\"text-align: justify;\">Narzeczeni winni obowi\u0105zkowo uczestniczy\u0107 w cyklu nauk przed\u015blubnych.&nbsp;<\/p>\n<p style=\"text-align: justify;\">Narzeczeni, kt\u00f3rzy chc\u0105 zawrze\u0107 zwi\u0105zek ma\u0142\u017ce\u0144ski w innej parafii (ni\u017c miejsce zamieszkania jednego z narzeczonych), potrzebuj\u0105 za\u015bwiadczenie od swojego Ks. Proboszcza zezwalaj\u0105cego na za\u0142atwienie formalno\u015bci przed\u015blubnych w innej parafii. Ponadto w przypadku ma\u0142\u017ce\u0144stwa konkordatowego nale\u017cy za\u0142atwi\u0107 wymagane formalno\u015bci w Urz\u0119dzie Stanu Cywilnego i odpowiednie dokumenty z USC przedstawi\u0107 w biurze parafialnym podczas spisywania protoko\u0142u przed\u015blubnego.<\/p>\n","protected":false},"excerpt":{"rendered":"<p>Co rozumiemy przez ma\u0142\u017ce\u0144stwo?&nbsp; Przez ma\u0142\u017ce\u0144stwo rozumiemy przymierze, przez kt\u00f3re m\u0119\u017cczyzna i kobieta tworz\u0105 ze sob\u0105 wsp\u00f3lnot\u0119 ca\u0142ego \u017cycia, skierowan\u0105 ze swej natury na dobro ma\u0142\u017conk\u00f3w oraz na rodzenie i wychowywanie potomstwa. Zawierane mi\u0119dzy ochrzczonymi zosta\u0142o podniesione przez Chrystusa Pana do godno\u015bci sakramentu.&nbsp; Jakimi s\u0142owami \u015bw. Pawe\u0142 podkre\u015bli\u0142 wielko\u015b\u0107 sakramentu ma\u0142\u017ce\u0144stwa? \u015awi\u0119ty Pawe\u0142 Aposto\u0142 napisa\u0142: &#8230; <span class=\"more\"><a class=\"more-link\" href=\"https:\/\/parafiarososzyca.pl\/index.php\/malzenstwo\/\">Czytaj dalej<\/a><\/span><\/p>\n","protected":false},"author":1,"featured_media":0,"parent":0,"menu_order":0,"comment_status":"closed","ping_status":"closed","template":"","meta":{"ngg_post_thumbnail":0,"footnotes":"","_links_to":"","_links_to_target":""},"class_list":["entry","page","publish","author-admin","post-87"],"_links":{"self":[{"href":"https:\/\/parafiarososzyca.pl\/index.php\/wp-json\/wp\/v2\/pages\/87","targetHints":{"allow":["GET"]}}],"collection":[{"href":"https:\/\/parafiarososzyca.pl\/index.php\/wp-json\/wp\/v2\/pages"}],"about":[{"href":"https:\/\/parafiarososzyca.pl\/index.php\/wp-json\/wp\/v2\/types\/page"}],"author":[{"embeddable":true,"href":"https:\/\/parafiarososzyca.pl\/index.php\/wp-json\/wp\/v2\/users\/1"}],"replies":[{"embeddable":true,"href":"https:\/\/parafiarososzyca.pl\/index.php\/wp-json\/wp\/v2\/comments?post=87"}],"version-history":[{"count":0,"href":"https:\/\/parafiarososzyca.pl\/index.php\/wp-json\/wp\/v2\/pages\/87\/revisions"}],"wp:attachment":[{"href":"https:\/\/parafiarososzyca.pl\/index.php\/wp-json\/wp\/v2\/media?parent=87"}],"curies":[{"name":"wp","href":"https:\/\/api.w.org\/{rel}","templated":true}]}}