{"id":18653,"date":"2021-02-17T09:53:08","date_gmt":"2021-02-17T09:53:08","guid":{"rendered":"http:\/\/parafiarososzyca.pl\/?page_id=18653"},"modified":"2021-02-17T10:12:10","modified_gmt":"2021-02-17T10:12:10","slug":"rok-2015","status":"publish","type":"page","link":"https:\/\/parafiarososzyca.pl\/index.php\/galeria-zdjec\/rok-2015\/","title":{"rendered":"Rok 2015"},"content":{"rendered":"<p>Podkozio\u0142ek<\/p>\n<iframe loading=\"lazy\"  id=\"_ytid_38668\"  width=\"700\" height=\"394\"  data-origwidth=\"700\" data-origheight=\"394\" src=\"https:\/\/www.youtube.com\/embed\/07bG04qHhbU?enablejsapi=1&autoplay=0&cc_load_policy=0&cc_lang_pref=pl&iv_load_policy=3&loop=0&rel=1&fs=1&playsinline=0&autohide=2&theme=dark&color=red&controls=1&disablekb=0&\" class=\"__youtube_prefs__  no-lazyload\" title=\"YouTube player\"  allow=\"fullscreen; accelerometer; autoplay; clipboard-write; encrypted-media; gyroscope; picture-in-picture; web-share\" referrerpolicy=\"strict-origin-when-cross-origin\" allowfullscreen data-no-lazy=\"1\" data-skipgform_ajax_framebjll=\"\"><\/iframe>\n<p>Nowi ministranci<\/p>\n<p>ngg_shortcode_0_placeholderDroga Krzy\u017cowa<\/p>\n<p>ngg_shortcode_1_placeholderKonkurs &#8222;Ustanowienie Eucharystii&#8221;<\/p>\n<p>ngg_shortcode_2_placeholderUroczysto\u015b\u0107 I spowiedzi \u015bwi\u0119tej&nbsp;<\/p>\n<p>ngg_shortcode_3_placeholderWielki Czwartek<\/p>\n<p>ngg_shortcode_4_placeholderWigilia Paschalna<\/p>\n<p>ngg_shortcode_5_placeholderI Komunia \u015awi\u0119ta<\/p>\n<p>ngg_shortcode_6_placeholderBia\u0142y Tydzie\u0144<\/p>\n<p>ngg_shortcode_7_placeholderSadzenie drzewa<\/p>\n<p>ngg_shortcode_8_placeholderBo\u017ce Cia\u0142o<\/p>\n<p>ngg_shortcode_9_placeholderSpotkanie Chorych<\/p>\n<p>ngg_shortcode_10_placeholderUroczysto\u015b\u0107 Naj\u015bwi\u0119tszego Serca Pana Jezusa<\/p>\n<p>ngg_shortcode_11_placeholderPielgrzymka autokarowa do Lichenia<\/p>\n<p>ngg_shortcode_12_placeholderZako\u0144czenie roku szkolnego<\/p>\n<p>ngg_shortcode_13_placeholderOdpust Parafialny<\/p>\n<p>ngg_shortcode_14_placeholderRowerami do Matki Bo\u017cej<\/p>\n<p>ngg_shortcode_15_placeholder\u015aladami \u015bw. Jana Paw\u0142a II<\/p>\n<p>ngg_shortcode_16_placeholderWizytacja duszpasterska ks. Bp. Teofil Wilski<\/p>\n<p>ngg_shortcode_17_placeholderngg_shortcode_18_placeholderngg_shortcode_19_placeholderPiesza pielgrzymka do Kot\u0142owa<\/p>\n<p>ngg_shortcode_20_placeholderMsza Wszystkich \u015awi\u0119tych z udzia\u0142em dzieci<\/p>\nngg_shortcode_21_placeholder\n<p>&nbsp;<\/p>\n","protected":false},"excerpt":{"rendered":"<p>Podkozio\u0142ek Nowi ministranci Droga Krzy\u017cowa Konkurs &#8222;Ustanowienie Eucharystii&#8221; Uroczysto\u015b\u0107 I spowiedzi \u015bwi\u0119tej&nbsp; Wielki Czwartek Wigilia Paschalna I Komunia \u015awi\u0119ta Bia\u0142y Tydzie\u0144 Sadzenie drzewa Bo\u017ce Cia\u0142o Spotkanie Chorych Uroczysto\u015b\u0107 Naj\u015bwi\u0119tszego Serca Pana Jezusa Pielgrzymka autokarowa do Lichenia Zako\u0144czenie roku szkolnego Odpust Parafialny Rowerami do Matki Bo\u017cej \u015aladami \u015bw. Jana Paw\u0142a II Wizytacja duszpasterska ks. Bp. Teofil &#8230; <span class=\"more\"><a class=\"more-link\" href=\"https:\/\/parafiarososzyca.pl\/index.php\/galeria-zdjec\/rok-2015\/\">Czytaj dalej<\/a><\/span><\/p>\n","protected":false},"author":1,"featured_media":0,"parent":42,"menu_order":0,"comment_status":"closed","ping_status":"closed","template":"","meta":{"ngg_post_thumbnail":0,"footnotes":"","_links_to":"","_links_to_target":""},"class_list":["entry","page","publish","author-admin","post-18653"],"_links":{"self":[{"href":"https:\/\/parafiarososzyca.pl\/index.php\/wp-json\/wp\/v2\/pages\/18653","targetHints":{"allow":["GET"]}}],"collection":[{"href":"https:\/\/parafiarososzyca.pl\/index.php\/wp-json\/wp\/v2\/pages"}],"about":[{"href":"https:\/\/parafiarososzyca.pl\/index.php\/wp-json\/wp\/v2\/types\/page"}],"author":[{"embeddable":true,"href":"https:\/\/parafiarososzyca.pl\/index.php\/wp-json\/wp\/v2\/users\/1"}],"replies":[{"embeddable":true,"href":"https:\/\/parafiarososzyca.pl\/index.php\/wp-json\/wp\/v2\/comments?post=18653"}],"version-history":[{"count":0,"href":"https:\/\/parafiarososzyca.pl\/index.php\/wp-json\/wp\/v2\/pages\/18653\/revisions"}],"up":[{"embeddable":true,"href":"https:\/\/parafiarososzyca.pl\/index.php\/wp-json\/wp\/v2\/pages\/42"}],"wp:attachment":[{"href":"https:\/\/parafiarososzyca.pl\/index.php\/wp-json\/wp\/v2\/media?parent=18653"}],"curies":[{"name":"wp","href":"https:\/\/api.w.org\/{rel}","templated":true}]}}